{"id":9910,"date":"2025-08-04T17:09:13","date_gmt":"2025-08-04T17:09:13","guid":{"rendered":"https:\/\/nodochile.cl\/?page_id=9910"},"modified":"2026-01-06T22:19:16","modified_gmt":"2026-01-06T22:19:16","slug":"descargables-2","status":"publish","type":"page","link":"https:\/\/nodochile.cl\/index.php\/descargables-2\/","title":{"rendered":"Descargables"},"content":{"rendered":"\t\t<div data-elementor-type=\"wp-page\" data-elementor-id=\"9910\" class=\"elementor elementor-9910\" data-elementor-post-type=\"page\">\n\t\t\t\t<div class=\"elementor-element elementor-element-9a99fc9 e-flex e-con-boxed e-con e-parent\" data-id=\"9a99fc9\" data-element_type=\"container\">\n\t\t\t\t\t<div class=\"e-con-inner\">\n\t\t\t\t<div class=\"elementor-element elementor-element-3a905d4 elementor-grid-3 elementor-grid-tablet-2 elementor-grid-mobile-1 elementor-posts--thumbnail-top elementor-widget elementor-widget-posts\" data-id=\"3a905d4\" data-element_type=\"widget\" data-settings=\"{&quot;classic_row_gap&quot;:{&quot;unit&quot;:&quot;px&quot;,&quot;size&quot;:100,&quot;sizes&quot;:[]},&quot;classic_columns&quot;:&quot;3&quot;,&quot;classic_columns_tablet&quot;:&quot;2&quot;,&quot;classic_columns_mobile&quot;:&quot;1&quot;,&quot;classic_row_gap_tablet&quot;:{&quot;unit&quot;:&quot;px&quot;,&quot;size&quot;:&quot;&quot;,&quot;sizes&quot;:[]},&quot;classic_row_gap_mobile&quot;:{&quot;unit&quot;:&quot;px&quot;,&quot;size&quot;:&quot;&quot;,&quot;sizes&quot;:[]}}\" data-widget_type=\"posts.classic\">\n\t\t\t\t<div class=\"elementor-widget-container\">\n\t\t\t\t\t\t\t<div class=\"elementor-posts-container elementor-posts elementor-posts--skin-classic elementor-grid\">\n\t\t\t\t<article class=\"elementor-post elementor-grid-item post-10202 post type-post status-publish format-standard hentry category-descargable tag-opinion\">\n\t\t\t\t<div class=\"elementor-post__text\">\n\t\t\t\t<h3 class=\"elementor-post__title\">\n\t\t\t<a href=\"https:\/\/nodochile.cl\/index.php\/2025\/12\/11\/resistencia-comunitaria-a-proyectos-eolicos-los-casos-de-los-proyectos-mesamavida-y-calbuco\/\" target=&quot;_blank&quot;>\n\t\t\t\tResistencia comunitaria a proyectos e\u00f3licos. Los casos de los proyectos Mesam\u00e1vida y Calbuco\t\t\t<\/a>\n\t\t<\/h3>\n\t\t\t\t<div class=\"elementor-post__meta-data\">\n\t\t\t\t\t<span class=\"elementor-post-author\">\n\t\t\tadmin\t\t<\/span>\n\t\t\t\t<span class=\"elementor-post-date\">\n\t\t\tDecember 11, 2025\t\t<\/span>\n\t\t\t\t<\/div>\n\t\t\t\t<div class=\"elementor-post__excerpt\">\n\t\t\t<p>Hip\u00f3tesis: el problema se relaciona con la ausencia de planificaci\u00f3n territorial, una deficiente participaci\u00f3n ciudadana y los pocos beneficios que obtendr\u00edan las comunidades locales por<\/p>\n\t\t<\/div>\n\t\t\t\t\t<div class=\"elementor-post__read-more-wrapper\">\n\t\t\n\t\t<a class=\"elementor-post__read-more\" href=\"https:\/\/nodochile.cl\/index.php\/2025\/12\/11\/resistencia-comunitaria-a-proyectos-eolicos-los-casos-de-los-proyectos-mesamavida-y-calbuco\/\" aria-label=\"Read more about Resistencia comunitaria a proyectos e\u00f3licos. Los casos de los proyectos Mesam\u00e1vida y Calbuco\" tabindex=\"-1\" target=\"_blank\">\n\t\t\tLeer completo &gt;\t\t<\/a>\n\n\t\t\t\t\t<\/div>\n\t\t\t\t<\/div>\n\t\t\t\t<\/article>\n\t\t\t\t<article class=\"elementor-post elementor-grid-item post-10167 post type-post status-publish format-standard hentry category-descargable tag-opinion\">\n\t\t\t\t<div class=\"elementor-post__text\">\n\t\t\t\t<h3 class=\"elementor-post__title\">\n\t\t\t<a href=\"https:\/\/nodochile.cl\/index.php\/2025\/12\/10\/manual-de-relacionamiento-comunitario-para-proyectos-inmobiliarios-en-zona-urbanas\/\" target=&quot;_blank&quot;>\n\t\t\t\tManual de relacionamiento comunitario para proyectos inmobiliarios en zona urbanas\t\t\t<\/a>\n\t\t<\/h3>\n\t\t\t\t<div class=\"elementor-post__meta-data\">\n\t\t\t\t\t<span class=\"elementor-post-author\">\n\t\t\tFrancisco Valenzuela\t\t<\/span>\n\t\t\t\t<span class=\"elementor-post-date\">\n\t\t\tDecember 10, 2025\t\t<\/span>\n\t\t\t\t<\/div>\n\t\t\t\t<div class=\"elementor-post__excerpt\">\n\t\t\t<p>Relacionamiento comunitario para proyectos inmobiliarios en zonas urbanas elaborado por la CChC. Ir ><\/p>\n\t\t<\/div>\n\t\t\t\t\t<div class=\"elementor-post__read-more-wrapper\">\n\t\t\n\t\t<a class=\"elementor-post__read-more\" href=\"https:\/\/nodochile.cl\/index.php\/2025\/12\/10\/manual-de-relacionamiento-comunitario-para-proyectos-inmobiliarios-en-zona-urbanas\/\" aria-label=\"Read more about Manual de relacionamiento comunitario para proyectos inmobiliarios en zona urbanas\" tabindex=\"-1\" target=\"_blank\">\n\t\t\tLeer completo &gt;\t\t<\/a>\n\n\t\t\t\t\t<\/div>\n\t\t\t\t<\/div>\n\t\t\t\t<\/article>\n\t\t\t\t<article class=\"elementor-post elementor-grid-item post-10174 post type-post status-publish format-standard hentry category-descargable tag-opinion\">\n\t\t\t\t<div class=\"elementor-post__text\">\n\t\t\t\t<h3 class=\"elementor-post__title\">\n\t\t\t<a href=\"https:\/\/nodochile.cl\/index.php\/2025\/12\/10\/estudio-de-la-gestion-adaptativa-en-chile-descubriendo-elementos-para-la-resiliencia\/\" target=&quot;_blank&quot;>\n\t\t\t\tEstudio de la gesti\u00f3n adaptativa en Chile: descubriendo elementos para la resiliencia\t\t\t<\/a>\n\t\t<\/h3>\n\t\t\t\t<div class=\"elementor-post__meta-data\">\n\t\t\t\t\t<span class=\"elementor-post-author\">\n\t\t\tRaimundo Marchant\t\t<\/span>\n\t\t\t\t<span class=\"elementor-post-date\">\n\t\t\tDecember 10, 2025\t\t<\/span>\n\t\t\t\t<\/div>\n\t\t\t\t<div class=\"elementor-post__excerpt\">\n\t\t\t<p>Este libro resalta la importancia cr\u00edtica de comprender los complejos v\u00ednculos entre los elementos humanos y ambientales de nuestro planeta. Subraya la necesidad de adoptar<\/p>\n\t\t<\/div>\n\t\t\t\t\t<div class=\"elementor-post__read-more-wrapper\">\n\t\t\n\t\t<a class=\"elementor-post__read-more\" href=\"https:\/\/nodochile.cl\/index.php\/2025\/12\/10\/estudio-de-la-gestion-adaptativa-en-chile-descubriendo-elementos-para-la-resiliencia\/\" aria-label=\"Read more about Estudio de la gesti\u00f3n adaptativa en Chile: descubriendo elementos para la resiliencia\" tabindex=\"-1\" target=\"_blank\">\n\t\t\tLeer completo &gt;\t\t<\/a>\n\n\t\t\t\t\t<\/div>\n\t\t\t\t<\/div>\n\t\t\t\t<\/article>\n\t\t\t\t<article class=\"elementor-post elementor-grid-item post-10193 post type-post status-publish format-standard hentry category-descargable tag-opinion\">\n\t\t\t\t<div class=\"elementor-post__text\">\n\t\t\t\t<h3 class=\"elementor-post__title\">\n\t\t\t<a href=\"https:\/\/nodochile.cl\/index.php\/2025\/12\/10\/ifc-relaciones-con-la-comunidad-y-otros-actores-sociales\/\" target=&quot;_blank&quot;>\n\t\t\t\tIFC &#8211; Relaciones con la comunidad y otros actores sociales\t\t\t<\/a>\n\t\t<\/h3>\n\t\t\t\t<div class=\"elementor-post__meta-data\">\n\t\t\t\t\t<span class=\"elementor-post-author\">\n\t\t\tMilagro Oliva\t\t<\/span>\n\t\t\t\t<span class=\"elementor-post-date\">\n\t\t\tDecember 10, 2025\t\t<\/span>\n\t\t\t\t<\/div>\n\t\t\t\t<div class=\"elementor-post__excerpt\">\n\t\t\t<p>El manual \u201cRelaciones con la comunidad y otros actores sociales\u201d (IFC, 2007) ofrece una gu\u00eda pr\u00e1ctica para que empresas que desarrollan proyectos \u2014especialmente en contextos<\/p>\n\t\t<\/div>\n\t\t\t\t\t<div class=\"elementor-post__read-more-wrapper\">\n\t\t\n\t\t<a class=\"elementor-post__read-more\" href=\"https:\/\/nodochile.cl\/index.php\/2025\/12\/10\/ifc-relaciones-con-la-comunidad-y-otros-actores-sociales\/\" aria-label=\"Read more about IFC &#8211; Relaciones con la comunidad y otros actores sociales\" tabindex=\"-1\" target=\"_blank\">\n\t\t\tLeer completo &gt;\t\t<\/a>\n\n\t\t\t\t\t<\/div>\n\t\t\t\t<\/div>\n\t\t\t\t<\/article>\n\t\t\t\t<article class=\"elementor-post elementor-grid-item post-10159 post type-post status-publish format-standard hentry category-descargable tag-opinion\">\n\t\t\t\t<div class=\"elementor-post__text\">\n\t\t\t\t<h3 class=\"elementor-post__title\">\n\t\t\t<a href=\"https:\/\/nodochile.cl\/index.php\/2025\/12\/10\/analisis-critico-de-la-normativa-y-jurisprudencia-nacional-respecto-a-la-consulta-indigena-en-materia-ambiental-en-relacion-con-el-convenio-n169-de-la-organizacion-internacional-del-trabajo\/\" target=&quot;_blank&quot;>\n\t\t\t\tAn\u00e1lisis cr\u00edtico de la normativa y jurisprudencia nacional respecto a la consulta ind\u00edgena en materia ambiental, en relaci\u00f3n con el convenio n\u00b0169 de la organizaci\u00f3n internacional del trabajo\t\t\t<\/a>\n\t\t<\/h3>\n\t\t\t\t<div class=\"elementor-post__meta-data\">\n\t\t\t\t\t<span class=\"elementor-post-author\">\n\t\t\tPablo Pradena\t\t<\/span>\n\t\t\t\t<span class=\"elementor-post-date\">\n\t\t\tDecember 10, 2025\t\t<\/span>\n\t\t\t\t<\/div>\n\t\t\t\t<div class=\"elementor-post__excerpt\">\n\t\t\t<p>El art\u00edculo realiza un an\u00e1lisis la normativa y jurisprudencia chilena sobre la consulta ind\u00edgena en materia ambiental, contrast\u00e1ndola con el Convenio 169 de la OIT.<\/p>\n\t\t<\/div>\n\t\t\t\t\t<div class=\"elementor-post__read-more-wrapper\">\n\t\t\n\t\t<a class=\"elementor-post__read-more\" href=\"https:\/\/nodochile.cl\/index.php\/2025\/12\/10\/analisis-critico-de-la-normativa-y-jurisprudencia-nacional-respecto-a-la-consulta-indigena-en-materia-ambiental-en-relacion-con-el-convenio-n169-de-la-organizacion-internacional-del-trabajo\/\" aria-label=\"Read more about An\u00e1lisis cr\u00edtico de la normativa y jurisprudencia nacional respecto a la consulta ind\u00edgena en materia ambiental, en relaci\u00f3n con el convenio n\u00b0169 de la organizaci\u00f3n internacional del trabajo\" tabindex=\"-1\" target=\"_blank\">\n\t\t\tLeer completo &gt;\t\t<\/a>\n\n\t\t\t\t\t<\/div>\n\t\t\t\t<\/div>\n\t\t\t\t<\/article>\n\t\t\t\t<article class=\"elementor-post elementor-grid-item post-10208 post type-post status-publish format-standard hentry category-descargable tag-opinion\">\n\t\t\t\t<div class=\"elementor-post__text\">\n\t\t\t\t<h3 class=\"elementor-post__title\">\n\t\t\t<a href=\"https:\/\/nodochile.cl\/index.php\/2025\/12\/11\/el-infrasonido-estocastico-y-modulado-de-turbinas-eolicas-afecta-el-rendimiento-cognitivo-humano-en-comparacion-con-senales-constantes-no-moduladas-resultados-de-un-estudio-piloto\/\" target=&quot;_blank&quot;>\n\t\t\t\t\u00bfEl infrasonido estoc\u00e1stico y modulado de turbinas e\u00f3licas afecta el rendimiento cognitivo humano en comparaci\u00f3n con se\u00f1ales constantes no moduladas? Resultados de un estudio piloto\t\t\t<\/a>\n\t\t<\/h3>\n\t\t\t\t<div class=\"elementor-post__meta-data\">\n\t\t\t\t\t<span class=\"elementor-post-author\">\n\t\t\tadmin\t\t<\/span>\n\t\t\t\t<span class=\"elementor-post-date\">\n\t\t\tDecember 11, 2025\t\t<\/span>\n\t\t\t\t<\/div>\n\t\t\t\t<div class=\"elementor-post__excerpt\">\n\t\t\t<p>5% de los residentes cerca de parques e\u00f3licos reportaron s\u00edntomas como dolores de cabeza y mareos, atribuidos al infrasonido emitido por las turbina. Ir ><\/p>\n\t\t<\/div>\n\t\t\t\t\t<div class=\"elementor-post__read-more-wrapper\">\n\t\t\n\t\t<a class=\"elementor-post__read-more\" href=\"https:\/\/nodochile.cl\/index.php\/2025\/12\/11\/el-infrasonido-estocastico-y-modulado-de-turbinas-eolicas-afecta-el-rendimiento-cognitivo-humano-en-comparacion-con-senales-constantes-no-moduladas-resultados-de-un-estudio-piloto\/\" aria-label=\"Read more about \u00bfEl infrasonido estoc\u00e1stico y modulado de turbinas e\u00f3licas afecta el rendimiento cognitivo humano en comparaci\u00f3n con se\u00f1ales constantes no moduladas? Resultados de un estudio piloto\" tabindex=\"-1\" target=\"_blank\">\n\t\t\tLeer completo &gt;\t\t<\/a>\n\n\t\t\t\t\t<\/div>\n\t\t\t\t<\/div>\n\t\t\t\t<\/article>\n\t\t\t\t<article class=\"elementor-post elementor-grid-item post-10177 post type-post status-publish format-standard hentry category-descargable tag-opinion\">\n\t\t\t\t<div class=\"elementor-post__text\">\n\t\t\t\t<h3 class=\"elementor-post__title\">\n\t\t\t<a href=\"https:\/\/nodochile.cl\/index.php\/2025\/12\/10\/capitalismo-regenerativo-como-los-principios-y-patrones-universales-determinaran-nuestra-nueva-economia\/\" target=&quot;_blank&quot;>\n\t\t\t\tCapitalismo Regenerativo. Co\u0301mo los principios y patrones universales determinara\u0301n nuestra Nueva Economi\u0301a\t\t\t<\/a>\n\t\t<\/h3>\n\t\t\t\t<div class=\"elementor-post__meta-data\">\n\t\t\t\t\t<span class=\"elementor-post-author\">\n\t\t\tNicol\u00e1s Maturana\t\t<\/span>\n\t\t\t\t<span class=\"elementor-post-date\">\n\t\t\tDecember 10, 2025\t\t<\/span>\n\t\t\t\t<\/div>\n\t\t\t\t<div class=\"elementor-post__excerpt\">\n\t\t\t<p>Bases de la Econom\u00eda Regenerativa Ir ><\/p>\n\t\t<\/div>\n\t\t\t\t\t<div class=\"elementor-post__read-more-wrapper\">\n\t\t\n\t\t<a class=\"elementor-post__read-more\" href=\"https:\/\/nodochile.cl\/index.php\/2025\/12\/10\/capitalismo-regenerativo-como-los-principios-y-patrones-universales-determinaran-nuestra-nueva-economia\/\" aria-label=\"Read more about Capitalismo Regenerativo. Co\u0301mo los principios y patrones universales determinara\u0301n nuestra Nueva Economi\u0301a\" tabindex=\"-1\" target=\"_blank\">\n\t\t\tLeer completo &gt;\t\t<\/a>\n\n\t\t\t\t\t<\/div>\n\t\t\t\t<\/div>\n\t\t\t\t<\/article>\n\t\t\t\t<article class=\"elementor-post elementor-grid-item post-10147 post type-post status-publish format-standard hentry category-descargable tag-opinion\">\n\t\t\t\t<div class=\"elementor-post__text\">\n\t\t\t\t<h3 class=\"elementor-post__title\">\n\t\t\t<a href=\"https:\/\/nodochile.cl\/index.php\/2025\/12\/10\/como-mejorar-los-procesos-de-calificacion-ambiental-evaluacion-ambiental-conflictos-y-participacion-ciudadana-en-proyectos-energeticos\/\" target=&quot;_blank&quot;>\n\t\t\t\t\u00bfC\u00f3mo mejorar los procesos de calificaci\u00f3n ambiental? Evaluaci\u00f3n Ambiental, Conflictos y Participaci\u00f3n Ciudadana en proyectos Energ\u00e9ticos\t\t\t<\/a>\n\t\t<\/h3>\n\t\t\t\t<div class=\"elementor-post__meta-data\">\n\t\t\t\t\t<span class=\"elementor-post-author\">\n\t\t\tPilar de la Cerda\t\t<\/span>\n\t\t\t\t<span class=\"elementor-post-date\">\n\t\t\tDecember 10, 2025\t\t<\/span>\n\t\t\t\t<\/div>\n\t\t\t\t<div class=\"elementor-post__excerpt\">\n\t\t\t<p>An\u00e1lisis de 71 proyectos energ\u00e9ticos ingresados al Sistema de Evaluaci\u00f3n de Impacto Ambiental (SEIA) entre los a\u00f1os 2013 y 2021 . Los resultados indican que<\/p>\n\t\t<\/div>\n\t\t\t\t\t<div class=\"elementor-post__read-more-wrapper\">\n\t\t\n\t\t<a class=\"elementor-post__read-more\" href=\"https:\/\/nodochile.cl\/index.php\/2025\/12\/10\/como-mejorar-los-procesos-de-calificacion-ambiental-evaluacion-ambiental-conflictos-y-participacion-ciudadana-en-proyectos-energeticos\/\" aria-label=\"Read more about \u00bfC\u00f3mo mejorar los procesos de calificaci\u00f3n ambiental? Evaluaci\u00f3n Ambiental, Conflictos y Participaci\u00f3n Ciudadana en proyectos Energ\u00e9ticos\" tabindex=\"-1\" target=\"_blank\">\n\t\t\tLeer completo &gt;\t\t<\/a>\n\n\t\t\t\t\t<\/div>\n\t\t\t\t<\/div>\n\t\t\t\t<\/article>\n\t\t\t\t<article class=\"elementor-post elementor-grid-item post-10144 post type-post status-publish format-standard hentry category-descargable tag-opinion\">\n\t\t\t\t<div class=\"elementor-post__text\">\n\t\t\t\t<h3 class=\"elementor-post__title\">\n\t\t\t<a href=\"https:\/\/nodochile.cl\/index.php\/2025\/12\/10\/el-mosaico-de-la-facilitacion\/\" target=&quot;_blank&quot;>\n\t\t\t\tEl mosaico de la facilitaci\u00f3n\t\t\t<\/a>\n\t\t<\/h3>\n\t\t\t\t<div class=\"elementor-post__meta-data\">\n\t\t\t\t\t<span class=\"elementor-post-author\">\n\t\t\tMilagro Oliva\t\t<\/span>\n\t\t\t\t<span class=\"elementor-post-date\">\n\t\t\tDecember 10, 2025\t\t<\/span>\n\t\t\t\t<\/div>\n\t\t\t\t<div class=\"elementor-post__excerpt\">\n\t\t\t<p>Una gu\u00eda para hacer talleres comunitarios eficaces. Ir ><\/p>\n\t\t<\/div>\n\t\t\t\t\t<div class=\"elementor-post__read-more-wrapper\">\n\t\t\n\t\t<a class=\"elementor-post__read-more\" href=\"https:\/\/nodochile.cl\/index.php\/2025\/12\/10\/el-mosaico-de-la-facilitacion\/\" aria-label=\"Read more about El mosaico de la facilitaci\u00f3n\" tabindex=\"-1\" target=\"_blank\">\n\t\t\tLeer completo &gt;\t\t<\/a>\n\n\t\t\t\t\t<\/div>\n\t\t\t\t<\/div>\n\t\t\t\t<\/article>\n\t\t\t\t<article class=\"elementor-post elementor-grid-item post-10187 post type-post status-publish format-standard hentry category-descargable tag-opinion\">\n\t\t\t\t<div class=\"elementor-post__text\">\n\t\t\t\t<h3 class=\"elementor-post__title\">\n\t\t\t<a href=\"https:\/\/nodochile.cl\/index.php\/2025\/12\/10\/guia-para-la-elaboracion-de-los-planes-sectoriales-de-adaptacion-al-cambio-climatico\/\" target=&quot;_blank&quot;>\n\t\t\t\tGu\u00eda para la elaboraci\u00f3n de los planes sectoriales de adaptaci\u00f3n al cambio clim\u00e1tico\t\t\t<\/a>\n\t\t<\/h3>\n\t\t\t\t<div class=\"elementor-post__meta-data\">\n\t\t\t\t\t<span class=\"elementor-post-author\">\n\t\t\tCarolina Scarinci\t\t<\/span>\n\t\t\t\t<span class=\"elementor-post-date\">\n\t\t\tDecember 10, 2025\t\t<\/span>\n\t\t\t\t<\/div>\n\t\t\t\t<div class=\"elementor-post__excerpt\">\n\t\t\t<p>Marco metodol\u00f3gico para que los sectores m\u00e1s vulnerables al cambio clim\u00e1tico desarrollen sus propios Planes Sectoriales de Adaptaci\u00f3n, los cuales bbuscan reducir riesgos y aumentar<\/p>\n\t\t<\/div>\n\t\t\t\t\t<div class=\"elementor-post__read-more-wrapper\">\n\t\t\n\t\t<a class=\"elementor-post__read-more\" href=\"https:\/\/nodochile.cl\/index.php\/2025\/12\/10\/guia-para-la-elaboracion-de-los-planes-sectoriales-de-adaptacion-al-cambio-climatico\/\" aria-label=\"Read more about Gu\u00eda para la elaboraci\u00f3n de los planes sectoriales de adaptaci\u00f3n al cambio clim\u00e1tico\" tabindex=\"-1\" target=\"_blank\">\n\t\t\tLeer completo &gt;\t\t<\/a>\n\n\t\t\t\t\t<\/div>\n\t\t\t\t<\/div>\n\t\t\t\t<\/article>\n\t\t\t\t<article class=\"elementor-post elementor-grid-item post-10205 post type-post status-publish format-standard hentry category-descargable tag-opinion\">\n\t\t\t\t<div class=\"elementor-post__text\">\n\t\t\t\t<h3 class=\"elementor-post__title\">\n\t\t\t<a href=\"https:\/\/nodochile.cl\/index.php\/2025\/12\/11\/los-campos-electromagneticos-interfieren-en-el-servicio-de-polinizacion-de-las-abejas-meliferas\/\" target=&quot;_blank&quot;>\n\t\t\t\tLos campos electromagn\u00e9ticos interfieren en el servicio de polinizaci\u00f3n de las abejas mel\u00edferas\t\t\t<\/a>\n\t\t<\/h3>\n\t\t\t\t<div class=\"elementor-post__meta-data\">\n\t\t\t\t\t<span class=\"elementor-post-author\">\n\t\t\tadmin\t\t<\/span>\n\t\t\t\t<span class=\"elementor-post-date\">\n\t\t\tDecember 11, 2025\t\t<\/span>\n\t\t\t\t<\/div>\n\t\t\t\t<div class=\"elementor-post__excerpt\">\n\t\t\t<p>Estudio de la UTAL comprueba las consecuencias de los campos electromagn\u00e9ticos de las l\u00edneas de alta tensi\u00f3n en la biodiversidad y en los polinizadores, como<\/p>\n\t\t<\/div>\n\t\t\t\t\t<div class=\"elementor-post__read-more-wrapper\">\n\t\t\n\t\t<a class=\"elementor-post__read-more\" href=\"https:\/\/nodochile.cl\/index.php\/2025\/12\/11\/los-campos-electromagneticos-interfieren-en-el-servicio-de-polinizacion-de-las-abejas-meliferas\/\" aria-label=\"Read more about Los campos electromagn\u00e9ticos interfieren en el servicio de polinizaci\u00f3n de las abejas mel\u00edferas\" tabindex=\"-1\" target=\"_blank\">\n\t\t\tLeer completo &gt;\t\t<\/a>\n\n\t\t\t\t\t<\/div>\n\t\t\t\t<\/div>\n\t\t\t\t<\/article>\n\t\t\t\t<article class=\"elementor-post elementor-grid-item post-10170 post type-post status-publish format-standard hentry category-descargable tag-opinion\">\n\t\t\t\t<div class=\"elementor-post__text\">\n\t\t\t\t<h3 class=\"elementor-post__title\">\n\t\t\t<a href=\"https:\/\/nodochile.cl\/index.php\/2025\/12\/10\/gobernanza-climatica-de-los-elementos\/\" target=&quot;_blank&quot;>\n\t\t\t\tGobernanza clim\u00e1tica de los elementos\t\t\t<\/a>\n\t\t<\/h3>\n\t\t\t\t<div class=\"elementor-post__meta-data\">\n\t\t\t\t\t<span class=\"elementor-post-author\">\n\t\t\tRaimundo Marchant\t\t<\/span>\n\t\t\t\t<span class=\"elementor-post-date\">\n\t\t\tDecember 10, 2025\t\t<\/span>\n\t\t\t\t<\/div>\n\t\t\t\t<div class=\"elementor-post__excerpt\">\n\t\t\t<p>Se explica la gobernanza actual en Chile sobre los recursos naturales, logrando interrelacionar organizaciones, organismos, instituciones p\u00fablicas y privadas, permitiendo comprender de mejor manera la<\/p>\n\t\t<\/div>\n\t\t\t\t\t<div class=\"elementor-post__read-more-wrapper\">\n\t\t\n\t\t<a class=\"elementor-post__read-more\" href=\"https:\/\/nodochile.cl\/index.php\/2025\/12\/10\/gobernanza-climatica-de-los-elementos\/\" aria-label=\"Read more about Gobernanza clim\u00e1tica de los elementos\" tabindex=\"-1\" target=\"_blank\">\n\t\t\tLeer completo &gt;\t\t<\/a>\n\n\t\t\t\t\t<\/div>\n\t\t\t\t<\/div>\n\t\t\t\t<\/article>\n\t\t\t\t<article class=\"elementor-post elementor-grid-item post-10153 post type-post status-publish format-standard hentry category-descargable tag-opinion\">\n\t\t\t\t<div class=\"elementor-post__text\">\n\t\t\t\t<h3 class=\"elementor-post__title\">\n\t\t\t<a href=\"https:\/\/nodochile.cl\/index.php\/2025\/12\/10\/guia-de-relacionamiento-comunitario\/\" target=&quot;_blank&quot;>\n\t\t\t\tGu\u00eda de relacionamiento comunitario\t\t\t<\/a>\n\t\t<\/h3>\n\t\t\t\t<div class=\"elementor-post__meta-data\">\n\t\t\t\t\t<span class=\"elementor-post-author\">\n\t\t\tadmin\t\t<\/span>\n\t\t\t\t<span class=\"elementor-post-date\">\n\t\t\tDecember 10, 2025\t\t<\/span>\n\t\t\t\t<\/div>\n\t\t\t\t<div class=\"elementor-post__excerpt\">\n\t\t\t<p>Evoluci\u00f3n del relacionamiento comunitario por parte de las empresas en Chile, con distintos casos y enfoques de RC. Ir ><\/p>\n\t\t<\/div>\n\t\t\t\t\t<div class=\"elementor-post__read-more-wrapper\">\n\t\t\n\t\t<a class=\"elementor-post__read-more\" href=\"https:\/\/nodochile.cl\/index.php\/2025\/12\/10\/guia-de-relacionamiento-comunitario\/\" aria-label=\"Read more about Gu\u00eda de relacionamiento comunitario\" tabindex=\"-1\" target=\"_blank\">\n\t\t\tLeer completo &gt;\t\t<\/a>\n\n\t\t\t\t\t<\/div>\n\t\t\t\t<\/div>\n\t\t\t\t<\/article>\n\t\t\t\t<article class=\"elementor-post elementor-grid-item post-10190 post type-post status-publish format-standard hentry category-descargable tag-opinion\">\n\t\t\t\t<div class=\"elementor-post__text\">\n\t\t\t\t<h3 class=\"elementor-post__title\">\n\t\t\t<a href=\"https:\/\/nodochile.cl\/index.php\/2025\/12\/10\/guia-para-la-elaboracion-de-los-planes-de-accion-comunal-de-cambio-climatico-paccc\/\" target=&quot;_blank&quot;>\n\t\t\t\tGu\u00eda para la elaboraci\u00f3n de los Planes de Acci\u00f3n Comunal de Cambio Clim\u00e1tico (PACCC)\t\t\t<\/a>\n\t\t<\/h3>\n\t\t\t\t<div class=\"elementor-post__meta-data\">\n\t\t\t\t\t<span class=\"elementor-post-author\">\n\t\t\tCarolina Scarinci\t\t<\/span>\n\t\t\t\t<span class=\"elementor-post-date\">\n\t\t\tDecember 10, 2025\t\t<\/span>\n\t\t\t\t<\/div>\n\t\t\t\t<div class=\"elementor-post__excerpt\">\n\t\t\t<p>Instrumento metodol\u00f3gico que orienta a los municipios en la formulaci\u00f3n de sus planes locales de adaptaci\u00f3n y mitigaci\u00f3n al cambio clim\u00e1tico. Esta gu\u00eda responde a<\/p>\n\t\t<\/div>\n\t\t\t\t\t<div class=\"elementor-post__read-more-wrapper\">\n\t\t\n\t\t<a class=\"elementor-post__read-more\" href=\"https:\/\/nodochile.cl\/index.php\/2025\/12\/10\/guia-para-la-elaboracion-de-los-planes-de-accion-comunal-de-cambio-climatico-paccc\/\" aria-label=\"Read more about Gu\u00eda para la elaboraci\u00f3n de los Planes de Acci\u00f3n Comunal de Cambio Clim\u00e1tico (PACCC)\" tabindex=\"-1\" target=\"_blank\">\n\t\t\tLeer completo &gt;\t\t<\/a>\n\n\t\t\t\t\t<\/div>\n\t\t\t\t<\/div>\n\t\t\t\t<\/article>\n\t\t\t\t<article class=\"elementor-post elementor-grid-item post-10150 post type-post status-publish format-standard hentry category-descargable tag-opinion\">\n\t\t\t\t<div class=\"elementor-post__text\">\n\t\t\t\t<h3 class=\"elementor-post__title\">\n\t\t\t<a href=\"https:\/\/nodochile.cl\/index.php\/2025\/12\/10\/normas-de-desempeno-del-ifc-sobre-sostenibilidad-ambiental-y-social\/\" target=&quot;_blank&quot;>\n\t\t\t\tNormas de Desempe\u00f1o del IFC sobre Sostenibilidad Ambiental y Social\t\t\t<\/a>\n\t\t<\/h3>\n\t\t\t\t<div class=\"elementor-post__meta-data\">\n\t\t\t\t\t<span class=\"elementor-post-author\">\n\t\t\tManuel Correa\t\t<\/span>\n\t\t\t\t<span class=\"elementor-post-date\">\n\t\t\tDecember 10, 2025\t\t<\/span>\n\t\t\t\t<\/div>\n\t\t\t\t<div class=\"elementor-post__excerpt\">\n\t\t\t<p>Marco internacional que define 8 normas de desempe\u00f1o en materias ambientales y sociales, que orientan a los proyectos (y se les exigen para poder ser<\/p>\n\t\t<\/div>\n\t\t\t\t\t<div class=\"elementor-post__read-more-wrapper\">\n\t\t\n\t\t<a class=\"elementor-post__read-more\" href=\"https:\/\/nodochile.cl\/index.php\/2025\/12\/10\/normas-de-desempeno-del-ifc-sobre-sostenibilidad-ambiental-y-social\/\" aria-label=\"Read more about Normas de Desempe\u00f1o del IFC sobre Sostenibilidad Ambiental y Social\" tabindex=\"-1\" target=\"_blank\">\n\t\t\tLeer completo &gt;\t\t<\/a>\n\n\t\t\t\t\t<\/div>\n\t\t\t\t<\/div>\n\t\t\t\t<\/article>\n\t\t\t\t<article class=\"elementor-post elementor-grid-item post-10164 post type-post status-publish format-standard hentry category-descargable tag-opinion\">\n\t\t\t\t<div class=\"elementor-post__text\">\n\t\t\t\t<h3 class=\"elementor-post__title\">\n\t\t\t<a href=\"https:\/\/nodochile.cl\/index.php\/2025\/12\/10\/america-latina-circular-avanzando-hacia-el-desarrollo-sostenible\/\" target=&quot;_blank&quot;>\n\t\t\t\tAm\u00e9rica Latina circular avanzando hacia el desarrollo sostenible\t\t\t<\/a>\n\t\t<\/h3>\n\t\t\t\t<div class=\"elementor-post__meta-data\">\n\t\t\t\t\t<span class=\"elementor-post-author\">\n\t\t\tFrancisco Valenzuela\t\t<\/span>\n\t\t\t\t<span class=\"elementor-post-date\">\n\t\t\tDecember 10, 2025\t\t<\/span>\n\t\t\t\t<\/div>\n\t\t\t\t<div class=\"elementor-post__excerpt\">\n\t\t\t<p>Desaf\u00edos de LA para avanzar en circularidad. Ir ><\/p>\n\t\t<\/div>\n\t\t\t\t\t<div class=\"elementor-post__read-more-wrapper\">\n\t\t\n\t\t<a class=\"elementor-post__read-more\" href=\"https:\/\/nodochile.cl\/index.php\/2025\/12\/10\/america-latina-circular-avanzando-hacia-el-desarrollo-sostenible\/\" aria-label=\"Read more about Am\u00e9rica Latina circular avanzando hacia el desarrollo sostenible\" tabindex=\"-1\" target=\"_blank\">\n\t\t\tLeer completo &gt;\t\t<\/a>\n\n\t\t\t\t\t<\/div>\n\t\t\t\t<\/div>\n\t\t\t\t<\/article>\n\t\t\t\t<article class=\"elementor-post elementor-grid-item post-10156 post type-post status-publish format-standard hentry category-descargable tag-opinion\">\n\t\t\t\t<div class=\"elementor-post__text\">\n\t\t\t\t<h3 class=\"elementor-post__title\">\n\t\t\t<a href=\"https:\/\/nodochile.cl\/index.php\/2025\/12\/10\/manual-nansen-para-facilitadores-de-dialogo-y-transformacxion-de-conflictos\/\" target=&quot;_blank&quot;>\n\t\t\t\tManual Nansen para facilitadores de di\u00e1logo y transformaci\u00f3n de conflictos\t\t\t<\/a>\n\t\t<\/h3>\n\t\t\t\t<div class=\"elementor-post__meta-data\">\n\t\t\t\t\t<span class=\"elementor-post-author\">\n\t\t\tSebasti\u00e1n Videla\t\t<\/span>\n\t\t\t\t<span class=\"elementor-post-date\">\n\t\t\tDecember 10, 2025\t\t<\/span>\n\t\t\t\t<\/div>\n\t\t\t\t<div class=\"elementor-post__excerpt\">\n\t\t\t<p>En este manual se presentan ideas y herramientas que consideramos u\u0301tiles para iniciar el dia\u0301logo que promueva el entendimiento mutuo y el abordaje constructivo del<\/p>\n\t\t<\/div>\n\t\t\t\t\t<div class=\"elementor-post__read-more-wrapper\">\n\t\t\n\t\t<a class=\"elementor-post__read-more\" href=\"https:\/\/nodochile.cl\/index.php\/2025\/12\/10\/manual-nansen-para-facilitadores-de-dialogo-y-transformacxion-de-conflictos\/\" aria-label=\"Read more about Manual Nansen para facilitadores de di\u00e1logo y transformaci\u00f3n de conflictos\" tabindex=\"-1\" target=\"_blank\">\n\t\t\tLeer completo &gt;\t\t<\/a>\n\n\t\t\t\t\t<\/div>\n\t\t\t\t<\/div>\n\t\t\t\t<\/article>\n\t\t\t\t<article class=\"elementor-post elementor-grid-item post-10014 post type-post status-publish format-standard hentry category-descargable tag-descargable\">\n\t\t\t\t<div class=\"elementor-post__text\">\n\t\t\t\t<h3 class=\"elementor-post__title\">\n\t\t\t<a href=\"https:\/\/nodochile.cl\/index.php\/2025\/09\/16\/manual-del-dirigiente\/\" target=&quot;_blank&quot;>\n\t\t\t\tManual del Dirigiente\t\t\t<\/a>\n\t\t<\/h3>\n\t\t\t\t<div class=\"elementor-post__meta-data\">\n\t\t\t\t\t<span class=\"elementor-post-author\">\n\t\t\tCarolina Diaz\t\t<\/span>\n\t\t\t\t<span class=\"elementor-post-date\">\n\t\t\tSeptember 16, 2025\t\t<\/span>\n\t\t\t\t<\/div>\n\t\t\t\t<div class=\"elementor-post__excerpt\">\n\t\t\t<p>Gu\u00eda explicativa sobre el rol del dirigente social, realizado por Simone de Cirene. Ir ><\/p>\n\t\t<\/div>\n\t\t\t\t\t<div class=\"elementor-post__read-more-wrapper\">\n\t\t\n\t\t<a class=\"elementor-post__read-more\" href=\"https:\/\/nodochile.cl\/index.php\/2025\/09\/16\/manual-del-dirigiente\/\" aria-label=\"Read more about Manual del Dirigiente\" tabindex=\"-1\" target=\"_blank\">\n\t\t\tLeer completo &gt;\t\t<\/a>\n\n\t\t\t\t\t<\/div>\n\t\t\t\t<\/div>\n\t\t\t\t<\/article>\n\t\t\t\t<article class=\"elementor-post elementor-grid-item post-10184 post type-post status-publish format-standard hentry category-descargable tag-opinion\">\n\t\t\t\t<div class=\"elementor-post__text\">\n\t\t\t\t<h3 class=\"elementor-post__title\">\n\t\t\t<a href=\"https:\/\/nodochile.cl\/index.php\/2025\/12\/10\/guia-metodologica-para-el-desarrollo-de-estrategias-energeticas-locales\/\" target=&quot;_blank&quot;>\n\t\t\t\tGu\u00eda metodol\u00f3gica para el desarrollo de estrategias energ\u00e9ticas locales\t\t\t<\/a>\n\t\t<\/h3>\n\t\t\t\t<div class=\"elementor-post__meta-data\">\n\t\t\t\t\t<span class=\"elementor-post-author\">\n\t\t\tCarolina Scarinci\t\t<\/span>\n\t\t\t\t<span class=\"elementor-post-date\">\n\t\t\tDecember 10, 2025\t\t<\/span>\n\t\t\t\t<\/div>\n\t\t\t\t<div class=\"elementor-post__excerpt\">\n\t\t\t<p>Gu\u00eda que orienta a los municipios en la planificaci\u00f3n energ\u00e9tica comunal. Entrega un marco para diagnosticar la situaci\u00f3n energ\u00e9tica local, definir metas, formular planes de<\/p>\n\t\t<\/div>\n\t\t\t\t\t<div class=\"elementor-post__read-more-wrapper\">\n\t\t\n\t\t<a class=\"elementor-post__read-more\" href=\"https:\/\/nodochile.cl\/index.php\/2025\/12\/10\/guia-metodologica-para-el-desarrollo-de-estrategias-energeticas-locales\/\" aria-label=\"Read more about Gu\u00eda metodol\u00f3gica para el desarrollo de estrategias energ\u00e9ticas locales\" tabindex=\"-1\" target=\"_blank\">\n\t\t\tLeer completo &gt;\t\t<\/a>\n\n\t\t\t\t\t<\/div>\n\t\t\t\t<\/div>\n\t\t\t\t<\/article>\n\t\t\t\t<article class=\"elementor-post elementor-grid-item post-10211 post type-post status-publish format-standard hentry category-descargable tag-opinion\">\n\t\t\t\t<div class=\"elementor-post__text\">\n\t\t\t\t<h3 class=\"elementor-post__title\">\n\t\t\t<a href=\"https:\/\/nodochile.cl\/index.php\/2025\/12\/11\/guia-para-la-aplicacion-del-ds-n38-de-2011el-ministerio-del-medio-ambiente-que-establece-norma-de-emision-de-ruidos-generados-por-fuentes-que-indica-para-proyectos-de-parques-eolicos-en-el-s\/\" target=&quot;_blank&quot;>\n\t\t\t\tGu\u00eda para la aplicaci\u00f3n del DS N\u00b038, de 2011,El ministerio del medio ambiente, que establece norma de emisi\u00f3n de ruidos generados por fuentes que indica, para proyectos de parques e\u00f3licos en el SEIA\t\t\t<\/a>\n\t\t<\/h3>\n\t\t\t\t<div class=\"elementor-post__meta-data\">\n\t\t\t\t\t<span class=\"elementor-post-author\">\n\t\t\tadmin\t\t<\/span>\n\t\t\t\t<span class=\"elementor-post-date\">\n\t\t\tDecember 11, 2025\t\t<\/span>\n\t\t\t\t<\/div>\n\t\t\t\t<div class=\"elementor-post__excerpt\">\n\t\t\t<p>Marco metodol\u00f3gico y normativo para la evaluaci\u00f3n de emisiones de ruido relativos a Parques E\u00f3licos. Ir ><\/p>\n\t\t<\/div>\n\t\t\t\t\t<div class=\"elementor-post__read-more-wrapper\">\n\t\t\n\t\t<a class=\"elementor-post__read-more\" href=\"https:\/\/nodochile.cl\/index.php\/2025\/12\/11\/guia-para-la-aplicacion-del-ds-n38-de-2011el-ministerio-del-medio-ambiente-que-establece-norma-de-emision-de-ruidos-generados-por-fuentes-que-indica-para-proyectos-de-parques-eolicos-en-el-s\/\" aria-label=\"Read more about Gu\u00eda para la aplicaci\u00f3n del DS N\u00b038, de 2011,El ministerio del medio ambiente, que establece norma de emisi\u00f3n de ruidos generados por fuentes que indica, para proyectos de parques e\u00f3licos en el SEIA\" tabindex=\"-1\" target=\"_blank\">\n\t\t\tLeer completo &gt;\t\t<\/a>\n\n\t\t\t\t\t<\/div>\n\t\t\t\t<\/div>\n\t\t\t\t<\/article>\n\t\t\t\t<\/div>\n\t\t\n\t\t\t\t\t\t<\/div>\n\t\t\t\t<\/div>\n\t\t\t\t\t<\/div>\n\t\t\t\t<\/div>\n\t\t\t\t<\/div>\n\t\t","protected":false},"excerpt":{"rendered":"","protected":false},"author":2,"featured_media":0,"parent":0,"menu_order":0,"comment_status":"closed","ping_status":"closed","template":"elementor_canvas","meta":{"footnotes":""},"class_list":["post-9910","page","type-page","status-publish","hentry"],"_links":{"self":[{"href":"https:\/\/nodochile.cl\/index.php\/wp-json\/wp\/v2\/pages\/9910","targetHints":{"allow":["GET"]}}],"collection":[{"href":"https:\/\/nodochile.cl\/index.php\/wp-json\/wp\/v2\/pages"}],"about":[{"href":"https:\/\/nodochile.cl\/index.php\/wp-json\/wp\/v2\/types\/page"}],"author":[{"embeddable":true,"href":"https:\/\/nodochile.cl\/index.php\/wp-json\/wp\/v2\/users\/2"}],"replies":[{"embeddable":true,"href":"https:\/\/nodochile.cl\/index.php\/wp-json\/wp\/v2\/comments?post=9910"}],"version-history":[{"count":58,"href":"https:\/\/nodochile.cl\/index.php\/wp-json\/wp\/v2\/pages\/9910\/revisions"}],"predecessor-version":[{"id":10238,"href":"https:\/\/nodochile.cl\/index.php\/wp-json\/wp\/v2\/pages\/9910\/revisions\/10238"}],"wp:attachment":[{"href":"https:\/\/nodochile.cl\/index.php\/wp-json\/wp\/v2\/media?parent=9910"}],"curies":[{"name":"wp","href":"https:\/\/api.w.org\/{rel}","templated":true}]}}